{"id":20334,"date":"2024-05-13T10:04:48","date_gmt":"2024-05-13T08:04:48","guid":{"rendered":"https:\/\/uat.exim.splendex.dev\/?page_id=20334"},"modified":"2024-06-03T22:47:56","modified_gmt":"2024-06-03T20:47:56","slug":"private-equity-and-venture-capital-funds","status":"publish","type":"page","link":"https:\/\/exim.splendex.dev\/en\/private-equity-and-venture-capital-funds\/","title":{"rendered":"Private equity and venture capital funds"},"content":{"rendered":"\n<section class=\"subpage-hero acf-block\" id=\"subpage-hero\">\n\n      <div class=\"subpage-hero__card-wrapper\">  \n\n            \n            <div class=\"hero-card hero-card--secondary hero-card--disabled-video\">\n\n                \n                <div class=\"hero-card__content-wrapper\">\n\n                    <h1  class=\"hero-card__title\">Private equity and venture capital funds<\/h1>\n                    \n                    \n                    \n                <\/div>\n\n                \n            <\/div>\n\n        \n      <\/div>\n\n      \n<\/section>\n\n\n\n<section class=\"caption-box-section acf-block caption-box-section--column-2\" id=\"caption-box-section\">\n\n  <div class=\"container\">\n\n\t  \n\t  \n\t  \n        <div class=\"row\">\n\n\t\t\t\n                  <div class=\"col-md-6 column-1\" id=\"column-1\">\n\n                    <header class=\"caption-box-section__header\">\n\n\t\t\t\t\t                          <h2 class=\"caption-box-section__block-title--column-2 row-1\">\n\t\t\t\t\t\t\t            <span style=\"color: var(--primary-01)\">DOMESTIC <\/span>FUNDS                        <\/h2>\n\t\t\t\t\t  \n\t\t\t\t\t                          <div class=\"caption-box-section__block-description row-2\">\n\t\t\t\t\t\t\t            <p>Helping the development of internationally competitive companies with 5-15 year capital investment.<\/p>\n                        <\/div>\n\n\t\t\t\t\t                      <\/header>\n\n                    <div class=\"caption-box-section__caption-boxes\">\n\n\t\t\t\t\t\t\n\t\t\t\t\t\t\t\n        <div class=\"caption-box\">\n            \n            \n            <div class=\"caption-box__caption-wrapper \">\n\n                                \n                <div class=\"caption-box__caption\">\n                    <p><strong>COLUMBUS Private Equity Fund<\/strong><\/p>\n                <\/div>\n\n            <\/div>\n\n        <\/div>\n\n        \n\t\t\t\t\t\t\n\t\t\t\t\t\t\t\n        <div class=\"caption-box\">\n            \n            \n            <div class=\"caption-box__caption-wrapper \">\n\n                                \n                <div class=\"caption-box__caption\">\n                    <p><strong>Enter Tomorrow Europe Private Equity Fund<\/strong><\/p>\n                <\/div>\n\n            <\/div>\n\n        <\/div>\n\n        \n\t\t\t\t\t\t\n\t\t\t\t\t\t\t\n        <div class=\"caption-box\">\n            \n            \n            <div class=\"caption-box__caption-wrapper \">\n\n                                \n                <div class=\"caption-box__caption\">\n                    <p><strong>Europa Agriculture and Food Industry Private Equity Fund<\/strong><\/p>\n                <\/div>\n\n            <\/div>\n\n        <\/div>\n\n        \n\t\t\t\t\t\t\n\t\t\t\t\t\t\t\n        <div class=\"caption-box\">\n            \n            \n            <div class=\"caption-box__caption-wrapper \">\n\n                                \n                <div class=\"caption-box__caption\">\n                    <p><strong>EXIM Cross-border Fund<\/strong><\/p>\n                <\/div>\n\n            <\/div>\n\n        <\/div>\n\n        \n\t\t\t\t\t\t\n\t\t\t\t\t\t\t\n        <div class=\"caption-box\">\n            \n            \n            <div class=\"caption-box__caption-wrapper \">\n\n                                \n                <div class=\"caption-box__caption\">\n                    <p><strong>Herius-1 Private Equity Fund<\/strong><\/p>\n                <\/div>\n\n            <\/div>\n\n        <\/div>\n\n        \n\t\t\t\t\t\t\n\t\t\t\t\t\t\t\n        <div class=\"caption-box\">\n            \n            \n            <div class=\"caption-box__caption-wrapper \">\n\n                                \n                <div class=\"caption-box__caption\">\n                    <p><strong>Innova-1 Investment Fund<\/strong><\/p>\n                <\/div>\n\n            <\/div>\n\n        <\/div>\n\n        \n\t\t\t\t\t\t\n\t\t\t\t\t\t\t\n        <div class=\"caption-box\">\n            \n            \n            <div class=\"caption-box__caption-wrapper \">\n\n                                \n                <div class=\"caption-box__caption\">\n                    <p><strong>PortfoLion Regional Fund<\/strong><\/p>\n                <\/div>\n\n            <\/div>\n\n        <\/div>\n\n        \n\t\t\t\t\t\t\n\t\t\t\t\t\t\t\n        <div class=\"caption-box\">\n            \n            \n            <div class=\"caption-box__caption-wrapper \">\n\n                                \n                <div class=\"caption-box__caption\">\n                    <p><strong>PortfoLion Regional Fund II<\/strong><\/p>\n                <\/div>\n\n            <\/div>\n\n        <\/div>\n\n        \n\t\t\t\t\t\t\n\t\t\t\t\t\t\t\n        <div class=\"caption-box\">\n            \n            \n            <div class=\"caption-box__caption-wrapper \">\n\n                                \n                <div class=\"caption-box__caption\">\n                    <p id=\"tw-target-text\" class=\"tw-data-text tw-text-large tw-ta\" dir=\"ltr\" data-placeholder=\"Ford\u00edt\u00e1s\" aria-label=\"Leford\u00edtott sz\u00f6veg\" data-ved=\"2ahUKEwjUx_LxloqGAxVVgf0HHaRdD84Q3ewLegQIBRAT\"><strong>Central Asia Investment Private Equity Fund<\/strong><\/p>\n                <\/div>\n\n            <\/div>\n\n        <\/div>\n\n        \n\t\t\t\t\t\t\n\t\t\t\t\t\t\t\n        <div class=\"caption-box\">\n            \n            \n            <div class=\"caption-box__caption-wrapper \">\n\n                                \n                <div class=\"caption-box__caption\">\n                    <p><strong>Hungarian-American Private Equity Fund<\/strong><\/p>\n                <\/div>\n\n            <\/div>\n\n        <\/div>\n\n        \n\t\t\t\t\t\t\n                    <\/div>\n\n                  <\/div>\n\n\t\t\t\n                  <div class=\"col-md-6 column-2\" id=\"column-2\">\n\n                    <header class=\"caption-box-section__header\">\n\n\t\t\t\t\t                          <h2 class=\"caption-box-section__block-title--column-2 row-1\">\n\t\t\t\t\t\t\t            <span style=\"color: var(--primary-01)\">INTERNATIONAL<\/span> FUNDS                        <\/h2>\n\t\t\t\t\t  \n\t\t\t\t\t                          <div class=\"caption-box-section__block-description row-2\">\n\t\t\t\t\t\t\t            <p>Investing in companies operating on international markets with a regional focus defined for each fund.<\/p>\n                        <\/div>\n\n\t\t\t\t\t                      <\/header>\n\n                    <div class=\"caption-box-section__caption-boxes\">\n\n\t\t\t\t\t\t\n\t\t\t\t\t\t\t\n        <div class=\"caption-box\">\n            \n            \n            <div class=\"caption-box__caption-wrapper \">\n\n                                \n                <div class=\"caption-box__caption\">\n                    <p><strong>China CEE Co-operation Fund<\/strong><\/p>\n                <\/div>\n\n            <\/div>\n\n        <\/div>\n\n        \n\t\t\t\t\t\t\n\t\t\t\t\t\t\t\n        <div class=\"caption-box\">\n            \n            \n            <div class=\"caption-box__caption-wrapper \">\n\n                                \n                <div class=\"caption-box__caption\">\n                    <p><strong>China CEE Co-operation Fund II<\/strong><\/p>\n                <\/div>\n\n            <\/div>\n\n        <\/div>\n\n        \n\t\t\t\t\t\t\n\t\t\t\t\t\t\t\n        <div class=\"caption-box\">\n            \n            \n            <div class=\"caption-box__caption-wrapper \">\n\n                                \n                <div class=\"caption-box__caption\">\n                    <p><strong>East West Venture Capital Fund<\/strong><\/p>\n                <\/div>\n\n            <\/div>\n\n        <\/div>\n\n        \n\t\t\t\t\t\t\n\t\t\t\t\t\t\t\n        <div class=\"caption-box\">\n            \n            \n            <div class=\"caption-box__caption-wrapper \">\n\n                                \n                <div class=\"caption-box__caption\">\n                    <p><strong>IFC FIG Fund<\/strong><\/p>\n                <\/div>\n\n            <\/div>\n\n        <\/div>\n\n        \n\t\t\t\t\t\t\n\t\t\t\t\t\t\t\n        <div class=\"caption-box\">\n            \n            \n            <div class=\"caption-box__caption-wrapper \">\n\n                                \n                <div class=\"caption-box__caption\">\n                    <p><strong>Kazakhstan Hungarian Investment Private Equity Fund C.V.<\/strong><\/p>\n                <\/div>\n\n            <\/div>\n\n        <\/div>\n\n        \n\t\t\t\t\t\t\n\t\t\t\t\t\t\t\n        <div class=\"caption-box\">\n            \n            \n            <div class=\"caption-box__caption-wrapper \">\n\n                                \n                <div class=\"caption-box__caption\">\n                    <p><strong>SINO-CEE Fund<\/strong><\/p>\n                <\/div>\n\n            <\/div>\n\n        <\/div>\n\n        \n\t\t\t\t\t\t\n\t\t\t\t\t\t\t\n        <div class=\"caption-box\">\n            \n            \n            <div class=\"caption-box__caption-wrapper \">\n\n                                \n                <div class=\"caption-box__caption\">\n                    <p><strong>Three Seas Initative Investment Fund<\/strong><\/p>\n                <\/div>\n\n            <\/div>\n\n        <\/div>\n\n        \n\t\t\t\t\t\t\n                    <\/div>\n\n                  <\/div>\n\n\t\t\t\n        <\/div>\n\n\t      \n  <\/div>\n\n<\/section>\n\n\n\n<section class=\"banner-section acf-block  banner-section--extra-space banner-section--extra-padding \" id=\"\" style=\"background-image: url('https:\/\/exim.splendex.dev\/wp-content\/uploads\/BG-Bottom-Banner-Tokealapok.jpg');\">\n\n    <img decoding=\"async\" width=\"563\" height=\"413\" src=\"https:\/\/exim.splendex.dev\/wp-content\/uploads\/Mobile-Bottom-Banner-Tokealapok.jpg\" class=\"banner-section__background-image justPhone \" alt=\"\" loading=\"lazy\" aria-hidden=\"true\" srcset=\"https:\/\/exim.splendex.dev\/wp-content\/uploads\/Mobile-Bottom-Banner-Tokealapok.jpg 563w, https:\/\/exim.splendex.dev\/wp-content\/uploads\/Mobile-Bottom-Banner-Tokealapok-300x220.jpg 300w\" sizes=\"auto, (max-width: 563px) 100vw, 563px\" \/>\n    <div class=\"container-left\" >\n\n        <div class=\"banner-section__content-wrapper\">\n\n                            <h2 class=\"banner-section__block-title block-title \">\n                    <span style=\"text-transform: none;\">For more information, please contact the EXIM INVEST capital fund!<\/span>                <\/h2>\n            \n            \n\t        \n          <a target=\"_self\"  href=\"https:\/\/eximinvest.hu\/\" class=\"button button--medium button--quaternary button--left\" role=\"button\">Exim invest<\/a>\n        <\/div>\n\n\n    <\/div>\n\n    <img decoding=\"async\" width=\"461\" height=\"644\" src=\"https:\/\/exim.splendex.dev\/wp-content\/uploads\/2024\/03\/tokealapok-karakter.png\" class=\"banner-section__foreground-image\" alt=\"\" aria-hidden=\"true\" style=\"height: 65rem;\" loading=\"lazy\" srcset=\"https:\/\/exim.splendex.dev\/wp-content\/uploads\/2024\/03\/tokealapok-karakter.png 461w, https:\/\/exim.splendex.dev\/wp-content\/uploads\/2024\/03\/tokealapok-karakter-215x300.png 215w\" sizes=\"auto, (max-width: 461px) 100vw, 461px\" \/>\n<\/section>\n\n","protected":false},"excerpt":{"rendered":"","protected":false},"author":2,"featured_media":10400,"parent":0,"menu_order":0,"comment_status":"closed","ping_status":"closed","template":"","meta":{"_acf_changed":false,"footnotes":""},"class_list":["post-20334","page","type-page","status-publish","has-post-thumbnail","hentry"],"yoast_head":"<!-- This site is optimized with the Yoast SEO plugin v26.8-RC7 - https:\/\/yoast.com\/product\/yoast-seo-wordpress\/ -->\n<title>Private equity and venture capital funds - EXIM<\/title>\n<meta name=\"description\" content=\"Hazai \u00e9s nemzetk\u00f6zi t\u0151kealapok a nemzetk\u00f6zileg is versenyk\u00e9pes t\u00e1rsas\u00e1gok fejl\u0151d\u00e9s\u00e9nek seg\u00edt\u00e9s\u00e9re 5-15 \u00e9v futamidej\u0171 t\u0151kebefektet\u00e9ssel.\" \/>\n<meta name=\"robots\" content=\"index, follow, max-snippet:-1, max-image-preview:large, max-video-preview:-1\" \/>\n<link rel=\"canonical\" href=\"https:\/\/exim.splendex.dev\/tokealapok\/\" \/>\n<meta property=\"og:locale\" content=\"en_US\" \/>\n<meta property=\"og:type\" content=\"article\" \/>\n<meta property=\"og:title\" content=\"Private equity and venture capital funds - EXIM\" \/>\n<meta property=\"og:description\" content=\"Hazai \u00e9s nemzetk\u00f6zi t\u0151kealapok a nemzetk\u00f6zileg is versenyk\u00e9pes t\u00e1rsas\u00e1gok fejl\u0151d\u00e9s\u00e9nek seg\u00edt\u00e9s\u00e9re 5-15 \u00e9v futamidej\u0171 t\u0151kebefektet\u00e9ssel.\" \/>\n<meta property=\"og:url\" content=\"https:\/\/exim.splendex.dev\/tokealapok\/\" \/>\n<meta property=\"og:site_name\" content=\"EXIM\" \/>\n<meta property=\"article:modified_time\" content=\"2024-06-03T20:47:56+00:00\" \/>\n<meta property=\"og:image\" content=\"http:\/\/exim.local\/wp-content\/uploads\/exim_SEO_thumbnail.png\" \/>\n\t<meta property=\"og:image:width\" content=\"1200\" \/>\n\t<meta property=\"og:image:height\" content=\"630\" \/>\n\t<meta property=\"og:image:type\" content=\"image\/png\" \/>\n<meta name=\"twitter:card\" content=\"summary_large_image\" \/>\n<meta name=\"twitter:label1\" content=\"Est. reading time\" \/>\n\t<meta name=\"twitter:data1\" content=\"1 minute\" \/>\n<script type=\"application\/ld+json\" class=\"yoast-schema-graph\">{\"@context\":\"https:\/\/schema.org\",\"@graph\":[{\"@type\":\"WebPage\",\"@id\":\"https:\/\/exim.splendex.dev\/tokealapok\/\",\"url\":\"https:\/\/exim.splendex.dev\/tokealapok\/\",\"name\":\"Private equity and venture capital funds - EXIM\",\"isPartOf\":{\"@id\":\"https:\/\/exim.splendex.dev\/en\/#website\"},\"primaryImageOfPage\":{\"@id\":\"https:\/\/exim.splendex.dev\/tokealapok\/#primaryimage\"},\"image\":{\"@id\":\"https:\/\/exim.splendex.dev\/tokealapok\/#primaryimage\"},\"thumbnailUrl\":\"https:\/\/exim.splendex.dev\/wp-content\/uploads\/exim_SEO_thumbnail.png\",\"datePublished\":\"2024-05-13T08:04:48+00:00\",\"dateModified\":\"2024-06-03T20:47:56+00:00\",\"description\":\"Hazai \u00e9s nemzetk\u00f6zi t\u0151kealapok a nemzetk\u00f6zileg is versenyk\u00e9pes t\u00e1rsas\u00e1gok fejl\u0151d\u00e9s\u00e9nek seg\u00edt\u00e9s\u00e9re 5-15 \u00e9v futamidej\u0171 t\u0151kebefektet\u00e9ssel.\",\"breadcrumb\":{\"@id\":\"https:\/\/exim.splendex.dev\/tokealapok\/#breadcrumb\"},\"inLanguage\":\"en-US\",\"potentialAction\":[{\"@type\":\"ReadAction\",\"target\":[\"https:\/\/exim.splendex.dev\/tokealapok\/\"]}]},{\"@type\":\"ImageObject\",\"inLanguage\":\"en-US\",\"@id\":\"https:\/\/exim.splendex.dev\/tokealapok\/#primaryimage\",\"url\":\"https:\/\/exim.splendex.dev\/wp-content\/uploads\/exim_SEO_thumbnail.png\",\"contentUrl\":\"https:\/\/exim.splendex.dev\/wp-content\/uploads\/exim_SEO_thumbnail.png\",\"width\":1200,\"height\":630,\"caption\":\"exim\"},{\"@type\":\"BreadcrumbList\",\"@id\":\"https:\/\/exim.splendex.dev\/tokealapok\/#breadcrumb\",\"itemListElement\":[{\"@type\":\"ListItem\",\"position\":1,\"name\":\"Home\",\"item\":\"https:\/\/exim.splendex.dev\/en\/\"},{\"@type\":\"ListItem\",\"position\":2,\"name\":\"Private equity and venture capital funds\"}]},{\"@type\":\"WebSite\",\"@id\":\"https:\/\/exim.splendex.dev\/en\/#website\",\"url\":\"https:\/\/exim.splendex.dev\/en\/\",\"name\":\"EXIM\",\"description\":\"\",\"potentialAction\":[{\"@type\":\"SearchAction\",\"target\":{\"@type\":\"EntryPoint\",\"urlTemplate\":\"https:\/\/exim.splendex.dev\/en\/?s={search_term_string}\"},\"query-input\":{\"@type\":\"PropertyValueSpecification\",\"valueRequired\":true,\"valueName\":\"search_term_string\"}}],\"inLanguage\":\"en-US\"}]}<\/script>\n<!-- \/ Yoast SEO plugin. -->","yoast_head_json":{"title":"Private equity and venture capital funds - EXIM","description":"Hazai \u00e9s nemzetk\u00f6zi t\u0151kealapok a nemzetk\u00f6zileg is versenyk\u00e9pes t\u00e1rsas\u00e1gok fejl\u0151d\u00e9s\u00e9nek seg\u00edt\u00e9s\u00e9re 5-15 \u00e9v futamidej\u0171 t\u0151kebefektet\u00e9ssel.","robots":{"index":"index","follow":"follow","max-snippet":"max-snippet:-1","max-image-preview":"max-image-preview:large","max-video-preview":"max-video-preview:-1"},"canonical":"https:\/\/exim.splendex.dev\/tokealapok\/","og_locale":"en_US","og_type":"article","og_title":"Private equity and venture capital funds - EXIM","og_description":"Hazai \u00e9s nemzetk\u00f6zi t\u0151kealapok a nemzetk\u00f6zileg is versenyk\u00e9pes t\u00e1rsas\u00e1gok fejl\u0151d\u00e9s\u00e9nek seg\u00edt\u00e9s\u00e9re 5-15 \u00e9v futamidej\u0171 t\u0151kebefektet\u00e9ssel.","og_url":"https:\/\/exim.splendex.dev\/tokealapok\/","og_site_name":"EXIM","article_modified_time":"2024-06-03T20:47:56+00:00","og_image":[{"width":1200,"height":630,"url":"http:\/\/exim.local\/wp-content\/uploads\/exim_SEO_thumbnail.png","type":"image\/png"}],"twitter_card":"summary_large_image","twitter_misc":{"Est. reading time":"1 minute"},"schema":{"@context":"https:\/\/schema.org","@graph":[{"@type":"WebPage","@id":"https:\/\/exim.splendex.dev\/tokealapok\/","url":"https:\/\/exim.splendex.dev\/tokealapok\/","name":"Private equity and venture capital funds - EXIM","isPartOf":{"@id":"https:\/\/exim.splendex.dev\/en\/#website"},"primaryImageOfPage":{"@id":"https:\/\/exim.splendex.dev\/tokealapok\/#primaryimage"},"image":{"@id":"https:\/\/exim.splendex.dev\/tokealapok\/#primaryimage"},"thumbnailUrl":"https:\/\/exim.splendex.dev\/wp-content\/uploads\/exim_SEO_thumbnail.png","datePublished":"2024-05-13T08:04:48+00:00","dateModified":"2024-06-03T20:47:56+00:00","description":"Hazai \u00e9s nemzetk\u00f6zi t\u0151kealapok a nemzetk\u00f6zileg is versenyk\u00e9pes t\u00e1rsas\u00e1gok fejl\u0151d\u00e9s\u00e9nek seg\u00edt\u00e9s\u00e9re 5-15 \u00e9v futamidej\u0171 t\u0151kebefektet\u00e9ssel.","breadcrumb":{"@id":"https:\/\/exim.splendex.dev\/tokealapok\/#breadcrumb"},"inLanguage":"en-US","potentialAction":[{"@type":"ReadAction","target":["https:\/\/exim.splendex.dev\/tokealapok\/"]}]},{"@type":"ImageObject","inLanguage":"en-US","@id":"https:\/\/exim.splendex.dev\/tokealapok\/#primaryimage","url":"https:\/\/exim.splendex.dev\/wp-content\/uploads\/exim_SEO_thumbnail.png","contentUrl":"https:\/\/exim.splendex.dev\/wp-content\/uploads\/exim_SEO_thumbnail.png","width":1200,"height":630,"caption":"exim"},{"@type":"BreadcrumbList","@id":"https:\/\/exim.splendex.dev\/tokealapok\/#breadcrumb","itemListElement":[{"@type":"ListItem","position":1,"name":"Home","item":"https:\/\/exim.splendex.dev\/en\/"},{"@type":"ListItem","position":2,"name":"Private equity and venture capital funds"}]},{"@type":"WebSite","@id":"https:\/\/exim.splendex.dev\/en\/#website","url":"https:\/\/exim.splendex.dev\/en\/","name":"EXIM","description":"","potentialAction":[{"@type":"SearchAction","target":{"@type":"EntryPoint","urlTemplate":"https:\/\/exim.splendex.dev\/en\/?s={search_term_string}"},"query-input":{"@type":"PropertyValueSpecification","valueRequired":true,"valueName":"search_term_string"}}],"inLanguage":"en-US"}]}},"acf":[],"_links":{"self":[{"href":"https:\/\/exim.splendex.dev\/en\/wp-json\/wp\/v2\/pages\/20334","targetHints":{"allow":["GET"]}}],"collection":[{"href":"https:\/\/exim.splendex.dev\/en\/wp-json\/wp\/v2\/pages"}],"about":[{"href":"https:\/\/exim.splendex.dev\/en\/wp-json\/wp\/v2\/types\/page"}],"author":[{"embeddable":true,"href":"https:\/\/exim.splendex.dev\/en\/wp-json\/wp\/v2\/users\/2"}],"replies":[{"embeddable":true,"href":"https:\/\/exim.splendex.dev\/en\/wp-json\/wp\/v2\/comments?post=20334"}],"version-history":[{"count":6,"href":"https:\/\/exim.splendex.dev\/en\/wp-json\/wp\/v2\/pages\/20334\/revisions"}],"predecessor-version":[{"id":24489,"href":"https:\/\/exim.splendex.dev\/en\/wp-json\/wp\/v2\/pages\/20334\/revisions\/24489"}],"wp:featuredmedia":[{"embeddable":true,"href":"https:\/\/exim.splendex.dev\/en\/wp-json\/wp\/v2\/media\/10400"}],"wp:attachment":[{"href":"https:\/\/exim.splendex.dev\/en\/wp-json\/wp\/v2\/media?parent=20334"}],"curies":[{"name":"wp","href":"https:\/\/api.w.org\/{rel}","templated":true}]}}